{"id":3531,"date":"2019-01-21T19:02:34","date_gmt":"2019-01-21T19:02:34","guid":{"rendered":"https:\/\/www.lifeingalicia.com\/okologische-ferien-in-der-ribeira-sacra"},"modified":"2019-01-21T19:02:37","modified_gmt":"2019-01-21T19:02:37","slug":"okologische-ferien-in-der-ribeira-sacra","status":"publish","type":"page","link":"https:\/\/www.lifeingalicia.com\/de\/okologische-ferien-in-der-ribeira-sacra","title":{"rendered":"\u00d6kologische Ferien in der Ribeira Sacra"},"content":{"rendered":"\t\t<div data-elementor-type=\"wp-post\" data-elementor-id=\"3531\" class=\"elementor elementor-3531 elementor-bc-flex-widget\">\n\t\t\t\t\t\t<section class=\"elementor-section elementor-top-section elementor-element elementor-element-b4ebc21 elementor-section-boxed elementor-section-height-default elementor-section-height-default\" data-id=\"b4ebc21\" data-element_type=\"section\">\n\t\t\t\t\t\t<div class=\"elementor-container elementor-column-gap-default\">\n\t\t\t\t\t<div class=\"elementor-column elementor-col-50 elementor-top-column elementor-element elementor-element-864487e\" data-id=\"864487e\" data-element_type=\"column\">\n\t\t\t<div class=\"elementor-widget-wrap elementor-element-populated\">\n\t\t\t\t\t\t<div class=\"elementor-element elementor-element-49297e8 elementor-widget elementor-widget-image\" data-id=\"49297e8\" data-element_type=\"widget\" data-widget_type=\"image.default\">\n\t\t\t\t<div class=\"elementor-widget-container\">\n\t\t\t\t\t\t\t\t\t\t\t\t\t\t\t<img fetchpriority=\"high\" decoding=\"async\" width=\"350\" height=\"289\" src=\"https:\/\/www.lifeingalicia.com\/lig\/wp-content\/uploads\/eco-green-galicia-350.jpg\" class=\"attachment-medium size-medium wp-image-3375\" alt=\"\" srcset=\"https:\/\/www.lifeingalicia.com\/lig\/wp-content\/uploads\/eco-green-galicia-350.jpg 350w, https:\/\/www.lifeingalicia.com\/lig\/wp-content\/uploads\/eco-green-galicia-350-150x124.jpg 150w\" sizes=\"(max-width: 350px) 100vw, 350px\" \/>\t\t\t\t\t\t\t\t\t\t\t\t\t\t\t<\/div>\n\t\t\t\t<\/div>\n\t\t\t\t<div class=\"elementor-element elementor-element-a311e74 elementor-widget elementor-widget-image\" data-id=\"a311e74\" data-element_type=\"widget\" data-widget_type=\"image.default\">\n\t\t\t\t<div class=\"elementor-widget-container\">\n\t\t\t\t\t\t\t\t\t\t\t\t\t\t\t<img decoding=\"async\" width=\"400\" height=\"266\" src=\"https:\/\/www.lifeingalicia.com\/lig\/wp-content\/uploads\/Balkon-from-garden-400x266.jpg\" class=\"attachment-medium size-medium wp-image-3089\" alt=\"\" srcset=\"https:\/\/www.lifeingalicia.com\/lig\/wp-content\/uploads\/Balkon-from-garden-400x266.jpg 400w, https:\/\/www.lifeingalicia.com\/lig\/wp-content\/uploads\/Balkon-from-garden-150x100.jpg 150w, https:\/\/www.lifeingalicia.com\/lig\/wp-content\/uploads\/Balkon-from-garden-768x511.jpg 768w, https:\/\/www.lifeingalicia.com\/lig\/wp-content\/uploads\/Balkon-from-garden-1024x681.jpg 1024w, https:\/\/www.lifeingalicia.com\/lig\/wp-content\/uploads\/Balkon-from-garden.jpg 1200w\" sizes=\"(max-width: 400px) 100vw, 400px\" \/>\t\t\t\t\t\t\t\t\t\t\t\t\t\t\t<\/div>\n\t\t\t\t<\/div>\n\t\t\t\t<div class=\"elementor-element elementor-element-f6a52e8 elementor-widget elementor-widget-image\" data-id=\"f6a52e8\" data-element_type=\"widget\" data-widget_type=\"image.default\">\n\t\t\t\t<div class=\"elementor-widget-container\">\n\t\t\t\t\t\t\t\t\t\t\t\t\t\t\t<img decoding=\"async\" width=\"400\" height=\"266\" src=\"https:\/\/www.lifeingalicia.com\/lig\/wp-content\/uploads\/DSC_1045-400x266.jpg\" class=\"attachment-medium size-medium wp-image-2658\" alt=\"\" srcset=\"https:\/\/www.lifeingalicia.com\/lig\/wp-content\/uploads\/DSC_1045-400x266.jpg 400w, https:\/\/www.lifeingalicia.com\/lig\/wp-content\/uploads\/DSC_1045-150x100.jpg 150w, https:\/\/www.lifeingalicia.com\/lig\/wp-content\/uploads\/DSC_1045-768x511.jpg 768w, https:\/\/www.lifeingalicia.com\/lig\/wp-content\/uploads\/DSC_1045-1024x681.jpg 1024w, https:\/\/www.lifeingalicia.com\/lig\/wp-content\/uploads\/DSC_1045.jpg 1600w\" sizes=\"(max-width: 400px) 100vw, 400px\" \/>\t\t\t\t\t\t\t\t\t\t\t\t\t\t\t<\/div>\n\t\t\t\t<\/div>\n\t\t\t\t\t<\/div>\n\t\t<\/div>\n\t\t\t\t<div class=\"elementor-column elementor-col-50 elementor-top-column elementor-element elementor-element-3b54405\" data-id=\"3b54405\" data-element_type=\"column\">\n\t\t\t<div class=\"elementor-widget-wrap elementor-element-populated\">\n\t\t\t\t\t\t<div class=\"elementor-element elementor-element-e7c72ed elementor-widget elementor-widget-text-editor\" data-id=\"e7c72ed\" data-element_type=\"widget\" data-widget_type=\"text-editor.default\">\n\t\t\t\t<div class=\"elementor-widget-container\">\n\t\t\t\t\t\t\t\t\t<p><span class=\"text3 style2\"><strong>&#8211; Besuchen Sie die Ribeira Sacra in Galizien<\/strong><\/span><\/p>\n<p><strong>&#8211; Ein Aufenthalt in der Casa de Flores oder in Casa do Polo<\/strong><strong> <br \/><\/strong><\/p>\n<p class=\"text2\"><strong>\u00d6kologisch oder Nachhaltig reisen &#8211; geht das?<\/strong><\/p>\n<p class=\"text3\"><strong>Internationale Gesellschaft f\u00fcr \u00d6kotourismus<\/strong> : <em>&#8222;&#8230; verantwortungsvolle Reisen in nat\u00fcrliche Gebiete, die die Umwelt schonen und das Wohlergehen der Menschen vor Ort erhalten&#8220;.<\/em><\/p>\n<p class=\"text3\"><strong>Die Weltnaturschutzunion<\/strong> <em>definierte sie: &#8222;&#8230; die Visitation in relativ ungest\u00f6rten Naturgebieten &#8230; hat geringe negative Auswirkungen auf die Besucher und sorgt f\u00fcr eine wohltuend aktive sozio\u00f6konomische Beteiligung der lokalen Bev\u00f6lkerung&#8220;.<\/em><\/p>\n<p class=\"text3\">Nachdem ich viel \u00fcber Eco, gr\u00fcnen und nachhaltigen Tourismus und Urlaub gelesen habe, habe ich einige der \u00d6ko-freundlich beworbenen Orte und M\u00f6glichkeiten studiert. Nachdem ich \u00fcber das recyclebare Toilettenpapier gel\u00e4chelt habe &#8211; F\u00fcr mich ein Hinweis auf ein eher oberfl\u00e4chliches Verst\u00e4ndniss des Gesammtkonzepts &#8211; komme ich zu meinem Verst\u00e4ndniss. Mein pers\u00f6nliches Fazit ist, dass wir hier in den H\u00e4usern &#8211; Casa de Flores und Casa do Polo -in der Ribeira Sacra Galicien Spanien einen perfekten, ausgewogenen und \u00f6kofreundlichen Urlaub anbieten k\u00f6nnen.<\/p>\n<p class=\"text3\">Transport<\/p>\n<p class=\"text3\">Ja, man wird einen Co2-Fu\u00dfabdruck erstellen, um zu einem Ziel zu reisen, und ich discutiere nicht was denn effektiver ist, Fliegen, Zug, Bus oder Auto Dieses h\u00e4ngt sehr von den individuellen Umst\u00e4nden und der allgemeinen Verf\u00fcgbarkeit ab. Aber hier im l\u00e4ndlichen Galicien braucht man wirklich ein Auto, um den Urlaub optimal zu nutzen. Wir haben zwar Z\u00fcge und Busse, aber sie sind eher selten und nicht meist auch nicht sehr voll. Die Ausnahme sind die Fernz\u00fcge von Madrid und Barcelona.<\/p>\n<p class=\"text3\"><em><strong>Die H\u00e4user:<\/strong><\/em><\/p>\n<p class=\"text3\">Stein, Ziegel, Kastanien, Kiefer und Kalk f\u00fcr die Struktur. Atmungsaktive Farbe durchgehend (National Trust F &amp; B). Aufgrund der klimatischen Bedingungen haben Fenster auf Aluminiumbasis. Die D\u00e4cher sind voll atmungsaktiv und mit Dachziegeln versehen und wo m\u00f6glich mit Schafwolle isoliert.<br \/>Die B\u00f6den sind Fliesen oder Holz, nur mit Wachs oder mit Linsen\u00f6l versiegelt. Zus\u00e4tzliche Isolierung, sofern verwended ist Kork, aber auf ein Minimum gehalten, um Probleme mit eingeschlossener Feuchtigkeit und innenliegendem Taupunkt zu vermieden.<br \/>Es wurden nur sehr wenige &#8222;neuere&#8220; Marialien verwendet und nur dann, wenn sie unvermeidbar waren.<br \/>Unter den teilweise sehr feuchten Bedingungen hier in Galicien funktionieren die alten und umweltfreundlichen Materialien (Kalk, Stein&#8230;) am besten.<\/p>\n<p class=\"text2\"><em><strong>Schauen wir uns die Versorgungseinrichtungen und die Annehmlichkeiten an:<\/strong><\/em><\/p>\n<p class=\"text3\">Wasser kommt aus eigenen Brunnen und wird j\u00e4hrlich kontrolliert. Es hat einen PH 6,5-6,7 und ist von hoher Qualit\u00e4t. Auch nach Jahren muss man sich noch daran gew\u00f6hnen, dass nur kleine Seife oder Shampoo ben\u00f6tigt werden. <br \/>Das Abwasser wird wieder in unser Gel\u00e4nde eingebracht.<\/p>\n<p class=\"text3\">Die Casa de las Flores hat 1,5Kw\/p auf den D\u00e4chern der als Eigebedarf genutzt wird (Einspeisung ist noch verboten). Derzeit ist es noch nicht erlaubt, \u00fcbersch\u00fcssige Energie in das Netz einzuspeisen. Dies schr\u00e4nkt die Nutzung und Verteilung von Solarzellen ein.<\/p>\n\t\t\t\t\t\t\t\t<\/div>\n\t\t\t\t<\/div>\n\t\t\t\t\t<\/div>\n\t\t<\/div>\n\t\t\t\t\t<\/div>\n\t\t<\/section>\n\t\t\t\t<section class=\"elementor-section elementor-top-section elementor-element elementor-element-f5e960a elementor-section-boxed elementor-section-height-default elementor-section-height-default\" data-id=\"f5e960a\" data-element_type=\"section\">\n\t\t\t\t\t\t<div class=\"elementor-container elementor-column-gap-default\">\n\t\t\t\t\t<div class=\"elementor-column elementor-col-50 elementor-top-column elementor-element elementor-element-5883d7a\" data-id=\"5883d7a\" data-element_type=\"column\">\n\t\t\t<div class=\"elementor-widget-wrap elementor-element-populated\">\n\t\t\t\t\t\t<div class=\"elementor-element elementor-element-750e88f elementor-widget elementor-widget-text-editor\" data-id=\"750e88f\" data-element_type=\"widget\" data-widget_type=\"text-editor.default\">\n\t\t\t\t<div class=\"elementor-widget-container\">\n\t\t\t\t\t\t\t\t\t<p class=\"text3\">In der Casa de las Flores basiert die Zentralheizung auf Pellets und die &#8222;Cocina Economica&#8220; heizt mit Holz. Gekocht wird mit Gas.<br \/>F\u00fcr Warmwasser verwenden wir verteilte kleine Gaskessel, da die Rohrleitungen f\u00fcr Solaranlagen einfach zu lang sind und eine konstante Zirkulation erfordern w\u00fcrden. So ist es nur auf Abruf, angetrieben von einer leicht verf\u00fcgbaren Quelle, die leicht auch mit Biogas betrieben werden kann, sobald es h\u00e4ufiger verf\u00fcgbar ist.<\/p>\n<p class=\"text3\">Die &#8222;High End&#8220; Casa do Polo ist komplett elektrisch. Dies erm\u00f6glicht eine einfache Wartung und Bereitstellung. Die Heizung erfolgt durch W\u00e4rmepumpen (CoP 1:4,8), die f\u00fcr K\u00fchlung und Heizung sorgen.<\/p>\n<p class=\"text3\">Es mag \u00fcberraschen, aber das Heizen mit W\u00e4rmepumpen ist eigentlich etwas billiger als das Heizen mit Pellets. <\/p>\n<p class=\"text3\">Alle Leuchten sind LED Technik. <\/p>\n<p class=\"text3\"><span style=\"font-size: 0.875rem;\">Alle Feuchtr\u00e4ume sind automatisch bel\u00fcftet und haben zus\u00e4tzlich eine Fussbodenw\u00e4rmung. Der Vorteil ist, dass die Gesamttemperatur niedriger gehalten werden kann, ohne den Komfort zu beeintr\u00e4chtigen oder die Feuchtigkeit zu erh\u00f6hen. <\/span><\/p>\n<p>Fragen Sie uns? WiFi ist vorhanden.<\/p>\n\t\t\t\t\t\t\t\t<\/div>\n\t\t\t\t<\/div>\n\t\t\t\t\t<\/div>\n\t\t<\/div>\n\t\t\t\t<div class=\"elementor-column elementor-col-50 elementor-top-column elementor-element elementor-element-fd55e30\" data-id=\"fd55e30\" data-element_type=\"column\">\n\t\t\t<div class=\"elementor-widget-wrap elementor-element-populated\">\n\t\t\t\t\t\t<div class=\"elementor-element elementor-element-896ae0b elementor-widget elementor-widget-image\" data-id=\"896ae0b\" data-element_type=\"widget\" data-widget_type=\"image.default\">\n\t\t\t\t<div class=\"elementor-widget-container\">\n\t\t\t\t\t\t\t\t\t\t\t\t\t\t\t<img loading=\"lazy\" decoding=\"async\" width=\"225\" height=\"300\" src=\"https:\/\/www.lifeingalicia.com\/lig\/wp-content\/uploads\/ecof-fire.jpg\" class=\"attachment-large size-large wp-image-3394\" alt=\"\" srcset=\"https:\/\/www.lifeingalicia.com\/lig\/wp-content\/uploads\/ecof-fire.jpg 225w, https:\/\/www.lifeingalicia.com\/lig\/wp-content\/uploads\/ecof-fire-113x150.jpg 113w\" sizes=\"(max-width: 225px) 100vw, 225px\" \/>\t\t\t\t\t\t\t\t\t\t\t\t\t\t\t<\/div>\n\t\t\t\t<\/div>\n\t\t\t\t<div class=\"elementor-element elementor-element-0b3fc96 elementor-widget elementor-widget-image\" data-id=\"0b3fc96\" data-element_type=\"widget\" data-widget_type=\"image.default\">\n\t\t\t\t<div class=\"elementor-widget-container\">\n\t\t\t\t\t\t\t\t\t\t\t\t\t\t\t<img loading=\"lazy\" decoding=\"async\" width=\"200\" height=\"266\" src=\"https:\/\/www.lifeingalicia.com\/lig\/wp-content\/uploads\/arxemil-5.jpg\" class=\"attachment-large size-large wp-image-3382\" alt=\"\" srcset=\"https:\/\/www.lifeingalicia.com\/lig\/wp-content\/uploads\/arxemil-5.jpg 200w, https:\/\/www.lifeingalicia.com\/lig\/wp-content\/uploads\/arxemil-5-113x150.jpg 113w\" sizes=\"(max-width: 200px) 100vw, 200px\" \/>\t\t\t\t\t\t\t\t\t\t\t\t\t\t\t<\/div>\n\t\t\t\t<\/div>\n\t\t\t\t\t<\/div>\n\t\t<\/div>\n\t\t\t\t\t<\/div>\n\t\t<\/section>\n\t\t\t\t<section class=\"elementor-section elementor-top-section elementor-element elementor-element-103cb92 elementor-section-boxed elementor-section-height-default elementor-section-height-default\" data-id=\"103cb92\" data-element_type=\"section\">\n\t\t\t\t\t\t<div class=\"elementor-container elementor-column-gap-default\">\n\t\t\t\t\t<div class=\"elementor-column elementor-col-100 elementor-top-column elementor-element elementor-element-3f25e47\" data-id=\"3f25e47\" data-element_type=\"column\">\n\t\t\t<div class=\"elementor-widget-wrap elementor-element-populated\">\n\t\t\t\t\t\t<div class=\"elementor-element elementor-element-a820d90 elementor-widget elementor-widget-text-editor\" data-id=\"a820d90\" data-element_type=\"widget\" data-widget_type=\"text-editor.default\">\n\t\t\t\t<div class=\"elementor-widget-container\">\n\t\t\t\t\t\t\t\t\t<p>&#8211; Seite nur in English oder Deutsch &#8211;<\/p>\n\t\t\t\t\t\t\t\t<\/div>\n\t\t\t\t<\/div>\n\t\t\t\t\t<\/div>\n\t\t<\/div>\n\t\t\t\t\t<\/div>\n\t\t<\/section>\n\t\t\t\t<\/div>\n\t\t","protected":false},"excerpt":{"rendered":"<p>&#8211; Besuchen Sie die Ribeira Sacra in Galizien &#8211; Ein Aufenthalt in der Casa de Flores oder in Casa do Polo \u00d6kologisch oder Nachhaltig reisen &#8211; geht das? Internationale Gesellschaft f\u00fcr \u00d6kotourismus : &#8222;&#8230; verantwortungsvolle Reisen in nat\u00fcrliche Gebiete, die die Umwelt schonen und das Wohlergehen der Menschen vor Ort erhalten&#8220;. Die Weltnaturschutzunion definierte sie:&hellip;<\/p>\n<p class=\"more-link-wrapper\"><a class=\"more-link\" href=\"https:\/\/www.lifeingalicia.com\/de\/okologische-ferien-in-der-ribeira-sacra\">Continue<\/a><\/p>\n","protected":false},"author":2255,"featured_media":0,"parent":0,"menu_order":0,"comment_status":"closed","ping_status":"closed","template":"","meta":{"footnotes":""},"class_list":["post-3531","page","type-page","status-publish","hentry"],"aioseo_notices":[],"_links":{"self":[{"href":"https:\/\/www.lifeingalicia.com\/de\/wp-json\/wp\/v2\/pages\/3531","targetHints":{"allow":["GET"]}}],"collection":[{"href":"https:\/\/www.lifeingalicia.com\/de\/wp-json\/wp\/v2\/pages"}],"about":[{"href":"https:\/\/www.lifeingalicia.com\/de\/wp-json\/wp\/v2\/types\/page"}],"author":[{"embeddable":true,"href":"https:\/\/www.lifeingalicia.com\/de\/wp-json\/wp\/v2\/users\/2255"}],"replies":[{"embeddable":true,"href":"https:\/\/www.lifeingalicia.com\/de\/wp-json\/wp\/v2\/comments?post=3531"}],"version-history":[{"count":0,"href":"https:\/\/www.lifeingalicia.com\/de\/wp-json\/wp\/v2\/pages\/3531\/revisions"}],"wp:attachment":[{"href":"https:\/\/www.lifeingalicia.com\/de\/wp-json\/wp\/v2\/media?parent=3531"}],"curies":[{"name":"wp","href":"https:\/\/api.w.org\/{rel}","templated":true}]}}